{"id":21,"date":"2021-01-27T20:39:23","date_gmt":"2021-01-27T17:39:23","guid":{"rendered":"https:\/\/interaktif.trthaber.com\/2021\/mehter\/?page_id=21"},"modified":"2021-01-28T13:09:01","modified_gmt":"2021-01-28T10:09:01","slug":"ana-sayfa","status":"publish","type":"page","link":"https:\/\/interaktif.trthaber.com\/2021\/mehter\/","title":{"rendered":"Tarihten Gelen Ses"},"content":{"rendered":"<p>[et_pb_section fb_built=&#8221;1&#8243; fullwidth=&#8221;on&#8221; disabled_on=&#8221;off|off|off&#8221; _builder_version=&#8221;4.8.1&#8243; _module_preset=&#8221;default&#8221;][et_pb_fullwidth_code _builder_version=&#8221;4.8.1&#8243; _module_preset=&#8221;default&#8221;]\n\t\t\t<!-- START Design DNA Scroll Video1 REVOLUTION SLIDER 6.3.6 --><p class=\"rs-p-wp-fix\"><\/p>\n\t\t\t<rs-module-wrap id=\"rev_slider_4_1_wrapper\" data-source=\"gallery\" style=\"background:#000000;padding:0;\">\n\t\t\t\t<rs-module id=\"rev_slider_4_1\" class=\"rs-respect-topbar\" style=\"\" data-version=\"6.3.6\">\n\t\t\t\t\t<rs-slides>\n\t\t\t\t\t\t<rs-slide data-key=\"rs-8\" data-title=\"Slide\" data-duration=\"17000ms\" data-anim=\"ei:d;eo:d;s:1000;r:0;t:fade;sl:0;\">\n\t\t\t\t\t\t\t<img decoding=\"async\" src=\"\/\/interaktif.trthaber.com\/2021\/mehter\/wp-content\/plugins\/revslider\/public\/assets\/assets\/transparent.png\" alt=\"Slide\" title=\"Tarihten Gelen Ses\" class=\"rev-slidebg\" data-no-retina>\n<!--\n\t\t\t\t\t\t\t--><rs-group\n\t\t\t\t\t\t\t\tid=\"slider-4-slide-8-layer-5\" \n\t\t\t\t\t\t\t\tdata-type=\"group\"\n\t\t\t\t\t\t\t\tdata-rsp_ch=\"on\"\n\t\t\t\t\t\t\t\tdata-xy=\"x:c;y:m;\"\n\t\t\t\t\t\t\t\tdata-text=\"w:normal;s:20,16,12,7;l:0,20,15,9;\"\n\t\t\t\t\t\t\t\tdata-dim=\"w:100%;h:300px,247px,187px,115px;\"\n\t\t\t\t\t\t\t\tdata-sba=\"t:false;\"\n\t\t\t\t\t\t\t\tdata-ford=\"frame_0;frame_1;frame_2;frame_999;\"\n\t\t\t\t\t\t\t\tdata-frame_0=\"y:300px,247px,187px,115px;\"\n\t\t\t\t\t\t\t\tdata-frame_1=\"y:100px,82px,62px,38px;e:power3.in;st:500;sp:1000;sR:500;\"\n\t\t\t\t\t\t\t\tdata-frame_999=\"o:0;st:w;sR:14500;sA:17000;\"\n\t\t\t\t\t\t\t\tdata-frame_2=\"y:0px;sX:1;sY:1;oX:50%;oY:50%;oZ:0;tp:600;e:power3.out;st:1500;sp:1000;\"\n\t\t\t\t\t\t\t\tstyle=\"z-index:17;\"\n\t\t\t\t\t\t\t><!--\n\t\t\t\t\t\t\t\t--><rs-layer\n\t\t\t\t\t\t\t\t\tid=\"slider-4-slide-8-layer-3\" \n\t\t\t\t\t\t\t\t\tdata-type=\"text\"\n\t\t\t\t\t\t\t\t\tdata-rsp_ch=\"on\"\n\t\t\t\t\t\t\t\t\tdata-xy=\"x:c;y:m;yo:220px,181px,260px,260px;\"\n\t\t\t\t\t\t\t\t\tdata-text=\"w:normal;s:40,33,25,20;l:40,33,25,15;ls:10px,8px,6px,3px;fw:300;\"\n\t\t\t\t\t\t\t\t\tdata-sba=\"t:true;\"\n\t\t\t\t\t\t\t\t\tdata-padding=\"l:10,8,6,4;\"\n\t\t\t\t\t\t\t\t\tdata-ford=\"frame_0;frame_1;frame_2;frame_999;\"\n\t\t\t\t\t\t\t\t\tdata-frame_0=\"o:1;\"\n\t\t\t\t\t\t\t\t\tdata-frame_999=\"o:0;st:w;sR:14000;\"\n\t\t\t\t\t\t\t\t\tdata-frame_2=\"y:-600px,-495px,-376px,-231px;sX:1;sY:1;o:0;oX:50%;oY:50%;oZ:0;tp:600;e:sine.inOut;st:1000;sp:2000;sR:700;\"\n\t\t\t\t\t\t\t\t\tstyle=\"z-index:16;font-family:Teko;text-transform:uppercase;\"\n\t\t\t\t\t\t\t\t>\u0130NTERAKT\u0130F \n\t\t\t\t\t\t\t\t<\/rs-layer><!--\n\t\t\t\t\t\t\t--><\/rs-group><!--\n\n\t\t\t\t\t\t\t--><rs-layer\n\t\t\t\t\t\t\t\tid=\"slider-4-slide-8-layer-0\" \n\t\t\t\t\t\t\t\tdata-type=\"shape\"\n\t\t\t\t\t\t\t\tdata-rsp_ch=\"on\"\n\t\t\t\t\t\t\t\tdata-xy=\"x:c;y:m;\"\n\t\t\t\t\t\t\t\tdata-text=\"w:normal;s:20,16,12,7;l:0,20,15,9;\"\n\t\t\t\t\t\t\t\tdata-dim=\"w:100%;h:100%;\"\n\t\t\t\t\t\t\t\tdata-basealign=\"slide\"\n\t\t\t\t\t\t\t\tdata-btrans=\"o:0.35;\"\n\t\t\t\t\t\t\t\tdata-frame_999=\"o:0;st:w;sR:16700;\"\n\t\t\t\t\t\t\t\tstyle=\"z-index:8;background-color:rgba(0,0,0,0);\"\n\t\t\t\t\t\t\t><rs-bg-elem style=\"background: url('\/\/interaktif.trthaber.com\/2021\/mehter\/wp-content\/uploads\/revslider\/design-dna-scroll-video\/stripe-overlay.png') repeat left top; background-size: 3px;\"><\/rs-bg-elem>\n \n\t\t\t\t\t\t\t<\/rs-layer><!--\n\n\t\t\t\t\t\t\t--><rs-layer\n\t\t\t\t\t\t\t\tid=\"slider-4-slide-8-layer-4\" \n\t\t\t\t\t\t\t\tdata-type=\"text\"\n\t\t\t\t\t\t\t\tdata-rsp_ch=\"on\"\n\t\t\t\t\t\t\t\tdata-xy=\"x:c;y:m;yo:-130px,-107px,-81px,-49px;\"\n\t\t\t\t\t\t\t\tdata-text=\"w:normal;s:90,74,56,34;l:40,33,25,15;ls:10px,8px,6px,3px;fw:300;a:center;\"\n\t\t\t\t\t\t\t\tdata-dim=\"w:100%;\"\n\t\t\t\t\t\t\t\tdata-sba=\"t:true;\"\n\t\t\t\t\t\t\t\tdata-padding=\"l:10,8,6,4;\"\n\t\t\t\t\t\t\t\tdata-frame_0=\"y:50px,41px,31px,19px;\"\n\t\t\t\t\t\t\t\tdata-frame_1=\"e:sine.inOut;st:11000;sp:3000;sR:11000;\"\n\t\t\t\t\t\t\t\tdata-frame_999=\"o:0;st:w;sR:3000;\"\n\t\t\t\t\t\t\t\tstyle=\"z-index:11;font-family:Teko;\"\n\t\t\t\t\t\t\t>D\u00dcNYANIN EN K\u00d6KL\u00dc \n\t\t\t\t\t\t\t<\/rs-layer><!--\n\n\t\t\t\t\t\t\t--><rs-layer\n\t\t\t\t\t\t\t\tid=\"slider-4-slide-8-layer-6\" \n\t\t\t\t\t\t\t\tdata-type=\"text\"\n\t\t\t\t\t\t\t\tdata-color=\"rgba(255, 255, 255, 0.8)\"\n\t\t\t\t\t\t\t\tdata-rsp_ch=\"on\"\n\t\t\t\t\t\t\t\tdata-xy=\"x:c;y:m;\"\n\t\t\t\t\t\t\t\tdata-text=\"w:normal;s:150,123,93,57;l:120,99,75,46;fw:600;a:center;\"\n\t\t\t\t\t\t\t\tdata-dim=\"w:100%;\"\n\t\t\t\t\t\t\t\tdata-sba=\"t:true;\"\n\t\t\t\t\t\t\t\tdata-frame_0=\"y:300px,247px,187px,115px;o:1;\"\n\t\t\t\t\t\t\t\tdata-frame_0_chars=\"d:5;y:300px,247px,187px,115px;z:100px;o:0;rY:0deg;\"\n\t\t\t\t\t\t\t\tdata-frame_1=\"e:sine.inOut;st:9000;sp:2000;sR:9000;\"\n\t\t\t\t\t\t\t\tdata-frame_1_chars=\"e:power3.inOut;dir:random;d:10;\"\n\t\t\t\t\t\t\t\tdata-frame_999=\"o:0;st:w;sR:3800;\"\n\t\t\t\t\t\t\t\tstyle=\"z-index:12;font-family:Teko;\"\n\t\t\t\t\t\t\t>ASKER\u0130 BANDOSU \n\t\t\t\t\t\t\t<\/rs-layer><!--\n\n\t\t\t\t\t\t\t--><rs-layer\n\t\t\t\t\t\t\t\tid=\"slider-4-slide-8-layer-7\" \n\t\t\t\t\t\t\t\tdata-type=\"text\"\n\t\t\t\t\t\t\t\tdata-color=\"rgba(255, 255, 255, 0.8)\"\n\t\t\t\t\t\t\t\tdata-rsp_ch=\"on\"\n\t\t\t\t\t\t\t\tdata-xy=\"x:c;y:m;\"\n\t\t\t\t\t\t\t\tdata-text=\"w:normal;s:150,123,93,57;l:120,99,75,46;fw:600;a:center;\"\n\t\t\t\t\t\t\t\tdata-dim=\"w:100%;\"\n\t\t\t\t\t\t\t\tdata-sba=\"t:true;\"\n\t\t\t\t\t\t\t\tdata-ford=\"frame_0;frame_1;frame_3;frame_999;\"\n\t\t\t\t\t\t\t\tdata-frame_0=\"y:300px,247px,187px,115px;o:1;\"\n\t\t\t\t\t\t\t\tdata-frame_0_chars=\"d:5;y:300px,247px,187px,115px;z:100px;o:0;rY:0deg;\"\n\t\t\t\t\t\t\t\tdata-frame_1=\"e:sine.inOut;st:2000;sp:2000;sR:2000;\"\n\t\t\t\t\t\t\t\tdata-frame_1_chars=\"e:power3.inOut;dir:random;d:10;\"\n\t\t\t\t\t\t\t\tdata-frame_999=\"o:0;st:w;sR:5000;\"\n\t\t\t\t\t\t\t\tdata-frame_3=\"x:0px;y:-300px,-247px,-187px,-115px;z:0;sX:1;sY:1;o:1;rX:0;rY:0deg;rZ:0;skX:0;skY:0;oX:50%;oY:50%;oZ:0;tp:600;e:sine.inOut;st:8000;sp:2000;sR:2000;\"\n\t\t\t\t\t\t\t\tdata-frame_3_chars=\"e:power3.inOut;dir:random;d:10;x:0px;y:-300px,-247px,-187px,-115px;z:100px;sX:1;sY:1;o:0;rX:0;rY:0deg;rZ:0;skX:0;skY:0;oX:50%;oY:50%;oZ:0;\"\n\t\t\t\t\t\t\t\tstyle=\"z-index:14;font-family:Teko;\"\n\t\t\t\t\t\t\t>TAR\u0130HTEN<br \/>\nGELEN SES \n\t\t\t\t\t\t\t<\/rs-layer><!--\n\n\t\t\t\t\t\t\t--><rs-layer\n\t\t\t\t\t\t\t\tid=\"slider-4-slide-8-layer-8\" \n\t\t\t\t\t\t\t\tdata-type=\"image\"\n\t\t\t\t\t\t\t\tdata-rsp_ch=\"on\"\n\t\t\t\t\t\t\t\tdata-xy=\"xo:478px,380px,263px,129px;yo:29px,16px,9px,8px;\"\n\t\t\t\t\t\t\t\tdata-text=\"w:normal;s:20,16,12,7;l:0,20,15,9;\"\n\t\t\t\t\t\t\t\tdata-dim=\"w:286px,297px,304px,227px;h:50px,52px,53px,40px;\"\n\t\t\t\t\t\t\t\tdata-frame_999=\"o:0;st:w;\"\n\t\t\t\t\t\t\t\tstyle=\"z-index:19;\"\n\t\t\t\t\t\t\t><img loading=\"lazy\" decoding=\"async\" src=\"\/\/interaktif.trthaber.com\/2021\/mehter\/wp-content\/uploads\/2021\/01\/trthaber-logo-w.png\" width=\"800\" height=\"140\" data-no-retina> \n\t\t\t\t\t\t\t<\/rs-layer><!--\n\n\t\t\t\t\t\t\t--><rs-layer\n\t\t\t\t\t\t\t\tid=\"slider-4-slide-8-layer-9\" \n\t\t\t\t\t\t\t\tdata-type=\"text\"\n\t\t\t\t\t\t\t\tdata-color=\"#d1203a\"\n\t\t\t\t\t\t\t\tdata-rsp_ch=\"on\"\n\t\t\t\t\t\t\t\tdata-xy=\"x:c;y:m;yo:155px,128px,97px,59px;\"\n\t\t\t\t\t\t\t\tdata-text=\"w:normal;s:160,132,100,61;l:40,33,25,15;ls:10px,8px,6px,3px;fw:300;a:center;\"\n\t\t\t\t\t\t\t\tdata-dim=\"w:100%;\"\n\t\t\t\t\t\t\t\tdata-sba=\"t:true;\"\n\t\t\t\t\t\t\t\tdata-padding=\"l:10,8,6,4;\"\n\t\t\t\t\t\t\t\tdata-frame_0=\"y:50px,41px,31px,19px;\"\n\t\t\t\t\t\t\t\tdata-frame_1=\"e:sine.inOut;st:11000;sp:3000;sR:11000;\"\n\t\t\t\t\t\t\t\tdata-frame_999=\"o:0;st:w;sR:3000;\"\n\t\t\t\t\t\t\t\tstyle=\"z-index:10;font-family:Teko;\"\n\t\t\t\t\t\t\t>MEHTER \n\t\t\t\t\t\t\t<\/rs-layer><!--\n\n\t\t\t\t\t\t\t--><rs-layer\n\t\t\t\t\t\t\t\tid=\"slider-4-slide-8-layer-10\" \n\t\t\t\t\t\t\t\tdata-type=\"shape\"\n\t\t\t\t\t\t\t\tdata-rsp_ch=\"on\"\n\t\t\t\t\t\t\t\tdata-xy=\"x:c;y:b;\"\n\t\t\t\t\t\t\t\tdata-text=\"w:normal;s:20,16,12,7;l:0,20,15,9;\"\n\t\t\t\t\t\t\t\tdata-dim=\"w:100%;h:75%;\"\n\t\t\t\t\t\t\t\tdata-basealign=\"slide\"\n\t\t\t\t\t\t\t\tdata-sba=\"t:true;\"\n\t\t\t\t\t\t\t\tdata-frame_1=\"e:sine.inOut;st:9000;sp:3000;sR:9000;\"\n\t\t\t\t\t\t\t\tdata-frame_999=\"o:0;st:w;sR:5000;\"\n\t\t\t\t\t\t\t\tstyle=\"z-index:9;background:linear-gradient(rgba(0,0,0,0) 0%, rgba(0,0,0,0.01) 6.67%, rgba(0,0,0,0.04) 13.34%, rgba(0,0,0,0.1) 20.01%, rgba(0,0,0,0.17) 26.68%, rgba(0,0,0,0.25) 33.35%, rgba(0,0,0,0.35) 40.02%, rgba(0,0,0,0.45) 46.69%, rgba(0,0,0,0.55) 53.36%, rgba(0,0,0,0.65) 60.03%, rgba(0,0,0,0.75) 66.70%, rgba(0,0,0,0.83) 73.37%, rgba(0,0,0,0.9) 80.04%, rgba(0,0,0,0.96) 86.71%, rgba(0,0,0,0.99) 93.38%, rgba(0,0,0,1) 100%);\"\n\t\t\t\t\t\t\t> \n\t\t\t\t\t\t\t<\/rs-layer><!--\n\n\t\t\t\t\t\t\t--><rs-layer\n\t\t\t\t\t\t\t\tid=\"slider-4-slide-8-layer-11\" \n\t\t\t\t\t\t\t\tclass=\"tp-shape tp-shapewrapper tp-lottie\"\n\t\t\t\t\t\t\t\tdata-type=\"shape\"\n\t\t\t\t\t\t\t\tdata-rsp_ch=\"on\"\n\t\t\t\t\t\t\t\tdata-xy=\"x:c;y:b;yo:100px,82px,62px,38px;\"\n\t\t\t\t\t\t\t\tdata-text=\"w:normal;s:20,16,12,7;l:0,20,15,9;\"\n\t\t\t\t\t\t\t\tdata-dim=\"w:100px,82px,62px,38px;h:100px,82px,62px,38px;\"\n\t\t\t\t\t\t\t\tdata-actions='o:click;a:scrollbelow;sp:5000ms;e:none;'\n\t\t\t\t\t\t\t\tdata-basealign=\"slide\"\n\t\t\t\t\t\t\t\tdata-frame_0=\"y:50,41,31,19;\"\n\t\t\t\t\t\t\t\tdata-frame_1=\"st:2000;sp:1000;sR:2000;\"\n\t\t\t\t\t\t\t\tdata-frame_999=\"o:0;st:w;sR:14000;\"\n\t\t\t\t\t\t\t\tstyle=\"z-index:18;cursor:pointer;\"\n\t\t\t\t\t\t\t> \n\t\t\t\t\t\t\t<\/rs-layer><!--\n-->\t\t\t\t\t\t<\/rs-slide>\n\t\t\t\t\t<\/rs-slides>\n\t\t\t\t\t<rs-static-layers><!--\n\t\t\t\t\t--><\/rs-static-layers>\n\t\t\t\t<\/rs-module>\n\t\t\t\t<script type=\"text\/javascript\">\n\t\t\t\t\tsetREVStartSize({c: 'rev_slider_4_1',rl:[1240,1024,778,480],el:[900,768,960,720],gw:[1240,1024,778,480],gh:[900,768,960,720],type:'hero',justify:'',layout:'fullscreen',offsetContainer:'#masthead',offset:'',mh:\"0\"});\n\t\t\t\t\tvar\trevapi4,\n\t\t\t\t\t\ttpj;\n\t\t\t\t\tfunction revinit_revslider41() {\n\t\t\t\t\tjQuery(function() {\n\t\t\t\t\t\ttpj = jQuery;\n\t\t\t\t\t\trevapi4 = tpj(\"#rev_slider_4_1\");\n\t\t\t\t\t\tif(revapi4==undefined || revapi4.revolution == undefined){\n\t\t\t\t\t\t\trevslider_showDoubleJqueryError(\"rev_slider_4_1\");\n\t\t\t\t\t\t}else{\n\t\t\t\t\t\t\trevapi4.revolution({\n\t\t\t\t\t\t\t\tsliderType:\"hero\",\n\t\t\t\t\t\t\t\tsliderLayout:\"fullscreen\",\n\t\t\t\t\t\t\t\tvisibilityLevels:\"1240,1024,778,480\",\n\t\t\t\t\t\t\t\tgridwidth:\"1240,1024,778,480\",\n\t\t\t\t\t\t\t\tgridheight:\"900,768,960,720\",\n\t\t\t\t\t\t\t\tperspective:600,\n\t\t\t\t\t\t\t\tperspectiveType:\"global\",\n\t\t\t\t\t\t\t\teditorheight:\"900,768,960,720\",\n\t\t\t\t\t\t\t\tresponsiveLevels:\"1240,1024,778,480\",\n\t\t\t\t\t\t\t\tfullScreenOffsetContainer:\"#masthead\",\n\t\t\t\t\t\t\t\tprogressBar:{disableProgressBar:true},\n\t\t\t\t\t\t\t\tnavigation: {\n\t\t\t\t\t\t\t\t\tonHoverStop:false\n\t\t\t\t\t\t\t\t},\n\t\t\t\t\t\t\t\tsbtimeline: {\n\t\t\t\t\t\t\t\t\tset:true,\n\t\t\t\t\t\t\t\t\tease:\"power2.out\",\n\t\t\t\t\t\t\t\t\tspeed:\"2000ms\",\n\t\t\t\t\t\t\t\t\tfixed:true,\n\t\t\t\t\t\t\t\t\tfixStart:\"300ms\",\n\t\t\t\t\t\t\t\t\tfixEnd:\"17000ms\"\n\t\t\t\t\t\t\t\t},\n\t\t\t\t\t\t\t\tfallbacks: {\n\t\t\t\t\t\t\t\t\tallowHTML5AutoPlayOnAndroid:true\n\t\t\t\t\t\t\t\t},\n\t\t\t\t\t\t\t});\n\t\t\t\t\t\t}\n\t\t\t\t\t\t\n\t\t\t\t\t});\n\t\t\t\t\t} \/\/ End of RevInitScript\n\t\t\t\tvar once_revslider41 = false;\n\t\t\t\tif (document.readyState === \"loading\") {document.addEventListener('readystatechange',function() { if((document.readyState === \"interactive\" || document.readyState === \"complete\") && !once_revslider41 ) { once_revslider41 = true; revinit_revslider41();}});} else {once_revslider41 = true; revinit_revslider41();}\n\t\t\t\t<\/script>\n\t\t\t<\/rs-module-wrap>\n\t\t\t<!-- END REVOLUTION SLIDER -->\n[\/et_pb_fullwidth_code][\/et_pb_section][et_pb_section fb_built=&#8221;1&#8243; _builder_version=&#8221;4.8.1&#8243; _module_preset=&#8221;default&#8221;][et_pb_row _builder_version=&#8221;4.8.1&#8243; _module_preset=&#8221;default&#8221;][et_pb_column type=&#8221;4_4&#8243; _builder_version=&#8221;4.8.1&#8243; _module_preset=&#8221;default&#8221;][et_pb_image src=&#8221;https:\/\/interaktif.trthaber.com\/2021\/mehter\/wp-content\/uploads\/2021\/01\/divider-1.png&#8221; title_text=&#8221;divider 1&#8243; align=&#8221;center&#8221; _builder_version=&#8221;4.8.1&#8243; _module_preset=&#8221;default&#8221;][\/et_pb_image][et_pb_text _builder_version=&#8221;4.8.1&#8243; _module_preset=&#8221;default&#8221; text_font=&#8221;|600|||||||&#8221; text_text_color=&#8221;#000000&#8243; text_font_size=&#8221;20px&#8221; text_orientation=&#8221;center&#8221; custom_padding=&#8221;||30px||false|false&#8221;]<\/p>\n<p>\u201cDeniz ufkunda bu top sesleri nerden geliyor, Barbaros belki donanmayla seferden geliyor\u201d<\/p>\n<p>Meydan muharebeleri, deniz ku\u015fatmalar\u0131, d\u00fc\u015fmana h\u00fccum edilen her yerde Mehteran \u00e7alar, T\u00fcrk askerini \u015fevke getirir, d\u00fc\u015fman\u0131n morali bozulurdu\u2026 D\u00fcnyan\u0131n en k\u00f6kl\u00fc askeri bandosu g\u00fcn\u00fcm\u00fczde de geleneklerine ba\u011fl\u0131 kalarak g\u00fcc\u00fcn\u00fc t\u00fcm d\u00fcnyaya duyurmaya devam ediyor.<span class=\"Apple-converted-space\">\u00a0<\/span><\/p>\n<p>[\/et_pb_text][et_pb_video src=&#8221;https:\/\/interaktif.trthaber.com\/2021\/mehter\/wp-content\/uploads\/2021\/01\/Mehter-Takimi-Tarihi-Dijital-MY-.mp4&#8243; src_webm=&#8221;https:\/\/interaktif.trthaber.com\/2021\/mehter\/wp-content\/uploads\/2021\/01\/Mehter-Takimi-Tarihi-Dijital-MY-.webm&#8221; image_src=&#8221;https:\/\/interaktif.trthaber.com\/2021\/mehter\/wp-content\/uploads\/2021\/01\/kapak.jpg&#8221; _builder_version=&#8221;4.8.1&#8243; _module_preset=&#8221;default&#8221;][\/et_pb_video][\/et_pb_column][\/et_pb_row][et_pb_row column_structure=&#8221;1_2,1_2&#8243; _builder_version=&#8221;4.8.1&#8243; _module_preset=&#8221;default&#8221;][et_pb_column type=&#8221;1_2&#8243; _builder_version=&#8221;4.8.1&#8243; _module_preset=&#8221;default&#8221;][et_pb_text _builder_version=&#8221;4.8.1&#8243; _module_preset=&#8221;default&#8221; text_text_color=&#8221;#000000&#8243; text_font_size=&#8221;16px&#8221; header_font=&#8221;Eagle Lake|600|||||||&#8221; header_line_height=&#8221;1.2em&#8221; custom_padding=&#8221;||0px||false|false&#8221;]<\/p>\n<h1>T\u00fcrklerin Mehteranla tan\u0131\u015fmas\u0131 8. Y\u00fczy\u0131la dayan\u0131yor. Orhun kitabelerinde, Tu\u011f tak\u0131m\u0131 Mehteran\u0131n atas\u0131 olarak kabul ediliyor.<\/h1>\n<p>[\/et_pb_text][et_pb_text _builder_version=&#8221;4.8.1&#8243; _module_preset=&#8221;default&#8221; text_text_color=&#8221;#000000&#8243; text_font_size=&#8221;16px&#8221; header_font=&#8221;|600|||||||&#8221; header_2_font=&#8221;Eagle Lake||||||||&#8221;]<\/p>\n<p>Ka\u015fgarl\u0131 Mahmut, Divan-\u0131 L\u00fcgat-it T\u00fcrk eserinde hakan\u0131n huzurunda nevbet vuruldu\u011fu anlat\u0131l\u0131rd\u0131.<\/p>\n<p>T\u00fcrklerin, di\u011fer d\u00fcnya milletlerinden farkl\u0131 \u00f6zelliklere sahip bir m\u00fczik toplulu\u011fu vard\u0131r.<\/p>\n<p>Bu toplulu\u011fa \u201cmehter\u201d, yapt\u0131\u011f\u0131 m\u00fczi\u011fe de \u201cmehter m\u00fczi\u011fi\u201d denir.<\/p>\n<p><em><strong>\u201cBulut k\u00fckredi, vurdu nevbet tu\u011f,<\/strong><\/em><br \/> <em><strong> \u015eim\u015fek \u00e7akt\u0131 \u00e7ekti Hakan Tu\u011f\u2019unu\u201d<\/strong><\/em><br \/> diyen T\u00fcrkler, \u0130\u00e7 Asya\u2019dan Anadolu\u2019ya egemenliklerini bu \u015fekilde ta\u015f\u0131m\u0131\u015flard\u0131.<\/p>\n<h2><strong><\/strong><\/h2>\n<h2><strong>Osman Gazi ayakta dinledi<\/strong><\/h2>\n<p><strong><\/strong><\/p>\n<p>Egemenlik simgesi davul, bayrak ve tu\u011f t\u00f6resi, T\u00fcrkler arac\u0131l\u0131\u011f\u0131yla t\u00fcm \u0130slam alemine yay\u0131lm\u0131\u015ft\u0131.<\/p>\n<p>Nevbet gelene\u011fi Karahanl\u0131lar\u2019dan Sel\u00e7ukluklar\u2019a, \u0130lhanl\u0131lardan Meml\u00fckl\u00fclere ve Osmanl\u0131lar\u2019a kadar devam etmi\u015fti.<br \/> Kay\u0131 boyundan Osman Bey\u2019e, Anadolu Sel\u00e7uklu h\u00fck\u00fcmdar\u0131 taraf\u0131ndan ba\u011f\u0131ms\u0131zl\u0131k ferman\u0131yla beraber hakimiyet sembol\u00fc olarak tu\u011f ve davul verilmi\u015fti.<\/p>\n<p>Osman Gazi\u2019nin, mehtere h\u00fcrmeten ayakta dinlemesi, k\u00f6kl\u00fc bir mehter gelene\u011finin temelini atm\u0131\u015ft\u0131.<\/p>\n<p>[\/et_pb_text][\/et_pb_column][et_pb_column type=&#8221;1_2&#8243; _builder_version=&#8221;4.8.1&#8243; _module_preset=&#8221;default&#8221;][et_pb_image src=&#8221;https:\/\/interaktif.trthaber.com\/2021\/mehter\/wp-content\/uploads\/2021\/01\/img-1-1.jpg&#8221; title_text=&#8221;img-1&#8243; _builder_version=&#8221;4.8.1&#8243; _module_preset=&#8221;default&#8221;][\/et_pb_image][\/et_pb_column][\/et_pb_row][et_pb_row column_structure=&#8221;1_2,1_2&#8243; _builder_version=&#8221;4.8.1&#8243; _module_preset=&#8221;default&#8221;][et_pb_column type=&#8221;1_2&#8243; _builder_version=&#8221;4.8.1&#8243; _module_preset=&#8221;default&#8221;][et_pb_image src=&#8221;https:\/\/interaktif.trthaber.com\/2021\/mehter\/wp-content\/uploads\/2021\/01\/img1.jpg&#8221; title_text=&#8221;img1&#8243; _builder_version=&#8221;4.8.1&#8243; _module_preset=&#8221;default&#8221;][\/et_pb_image][\/et_pb_column][et_pb_column type=&#8221;1_2&#8243; _builder_version=&#8221;4.8.1&#8243; _module_preset=&#8221;default&#8221;][et_pb_text _builder_version=&#8221;4.8.1&#8243; _module_preset=&#8221;default&#8221; text_text_color=&#8221;#000000&#8243; text_font_size=&#8221;16px&#8221; header_font=&#8221;|600|||||||&#8221; header_2_font=&#8221;Eagle Lake||||||||&#8221; header_2_line_height=&#8221;1.2em&#8221;]<\/p>\n<h2>Her yerde mehteran \u00e7alar, d\u00fc\u015fman\u0131n morali bozulurdu\u2026\u00a0<\/h2>\n<p>Sava\u015f alanlar\u0131, Mehter m\u00fczi\u011fini ortaya \u00e7\u0131karan en \u00f6nemli yerlerdir.<\/p>\n<p>Kale ku\u015fatmas\u0131, meydan muharebeleri ve deniz sava\u015flar\u0131, d\u00fc\u015fmana h\u00fccum edilen her yerde Mehteran \u00e7alar, T\u00fcrk askerini \u015fevke getirir, d\u00fc\u015fman\u0131n morali bozulurdu\u2026<\/p>\n<p>Ayr\u0131ca bar\u0131\u015f zaman\u0131 h\u00fck\u00fcmdar\u0131n sesi olan mehter, belli zamanlarda nevbet vurur; halk\u0131n moralini y\u00fckseltirdi.<\/p>\n<p>[\/et_pb_text][et_pb_image src=&#8221;https:\/\/interaktif.trthaber.com\/2021\/mehter\/wp-content\/uploads\/2021\/01\/img3.jpg&#8221; title_text=&#8221;img3&#8243; _builder_version=&#8221;4.8.1&#8243; _module_preset=&#8221;default&#8221;][\/et_pb_image][\/et_pb_column][\/et_pb_row][et_pb_row column_structure=&#8221;1_3,1_3,1_3&#8243; _builder_version=&#8221;4.8.1&#8243; _module_preset=&#8221;default&#8221;][et_pb_column type=&#8221;1_3&#8243; _builder_version=&#8221;4.8.1&#8243; _module_preset=&#8221;default&#8221;][et_pb_text _builder_version=&#8221;4.8.1&#8243; _module_preset=&#8221;default&#8221; text_text_color=&#8221;#000000&#8243; text_font_size=&#8221;16px&#8221; header_font=&#8221;|600|||||||&#8221; header_2_font=&#8221;Amaranth||||||||&#8221; custom_padding=&#8221;150px||||false|false&#8221;]<\/p>\n<p>Mehter, ordunun \u00f6n\u00fcnde y\u00fcr\u00fcr; sava\u015f\u0131 y\u00f6nlendirirdi.<\/p>\n<p>Enerjisiyle, d\u00fc\u015fman\u0131 bunalt\u0131r, yeri g\u00f6\u011f\u00fc inletir, yi\u011fitleri co\u015ftururdu\u2026<\/p>\n<p>Evliya \u00c7elebi-Seyahatname\u2019sinde mehter birli\u011finden \u015f\u00f6yle bahsediyor:<\/p>\n<p><strong><i><span class=\"Apple-converted-space\">\u00a0<\/span>\u201cK\u00f6slerin her biri bir hamam kubbesi kadar gelir.<span class=\"Apple-converted-space\">\u00a0<\/span><\/i><\/strong><\/p>\n<p><strong><i>Bayram gecelerinde bayram g\u00fcnlerinde \u00e7al\u0131n\u0131r. Sedas\u0131 g\u00f6k gibi g\u00fcrler.\u201d<span class=\"Apple-converted-space\">\u00a0<\/span><\/i><\/strong><\/p>\n<p><b>(Evliya \u00c7elebi-Seyahatname)<\/b><\/p>\n<p>[\/et_pb_text][\/et_pb_column][et_pb_column type=&#8221;1_3&#8243; _builder_version=&#8221;4.8.1&#8243; _module_preset=&#8221;default&#8221;][et_pb_image src=&#8221;https:\/\/interaktif.trthaber.com\/2021\/mehter\/wp-content\/uploads\/2021\/01\/mm.jpg&#8221; title_text=&#8221;mm&#8221; _builder_version=&#8221;4.8.1&#8243; _module_preset=&#8221;default&#8221;][\/et_pb_image][\/et_pb_column][et_pb_column type=&#8221;1_3&#8243; _builder_version=&#8221;4.8.1&#8243; _module_preset=&#8221;default&#8221;][et_pb_text _builder_version=&#8221;4.8.1&#8243; _module_preset=&#8221;default&#8221; text_text_color=&#8221;#000000&#8243; text_font_size=&#8221;16px&#8221; header_font=&#8221;|600|||||||&#8221; header_2_font=&#8221;Amaranth||||||||&#8221; custom_padding=&#8221;100px||||false|false&#8221;]<\/p>\n<p>Mehteran\u0131n ruhlar\u0131 co\u015fturan g\u00fcc\u00fcn\u00fc fark eden Avrupal\u0131lar, kendi ordular\u0131nda mehter tak\u0131m\u0131 olu\u015fturmaya ba\u015flam\u0131\u015flard\u0131.<\/p>\n<p>Polonya, Avusturya ard\u0131ndan Rusya, Prusya ve Fransa ordular\u0131nda da Mehter tak\u0131mlar\u0131 kurulmu\u015f,<\/p>\n<p>Askeri bandolar\u0131n\u0131n temelleri b\u00f6ylelikle at\u0131lm\u0131\u015ft\u0131.<\/p>\n<p>[\/et_pb_text][et_pb_image src=&#8221;https:\/\/interaktif.trthaber.com\/2021\/mehter\/wp-content\/uploads\/2021\/01\/divider-1.png&#8221; title_text=&#8221;divider 1&#8243; _builder_version=&#8221;4.8.1&#8243; _module_preset=&#8221;default&#8221;][\/et_pb_image][et_pb_image src=&#8221;https:\/\/interaktif.trthaber.com\/2021\/mehter\/wp-content\/uploads\/2021\/01\/nn.jpg&#8221; title_text=&#8221;nn&#8221; _builder_version=&#8221;4.8.1&#8243; _module_preset=&#8221;default&#8221;][\/et_pb_image][\/et_pb_column][\/et_pb_row][et_pb_row column_structure=&#8221;1_2,1_2&#8243; _builder_version=&#8221;4.8.1&#8243; _module_preset=&#8221;default&#8221;][et_pb_column type=&#8221;1_2&#8243; _builder_version=&#8221;4.8.1&#8243; _module_preset=&#8221;default&#8221;][et_pb_text _builder_version=&#8221;4.8.1&#8243; _module_preset=&#8221;default&#8221; text_text_color=&#8221;#000000&#8243; text_font_size=&#8221;16px&#8221; header_font=&#8221;Eagle Lake|600|||||||&#8221; header_line_height=&#8221;1.2em&#8221; custom_padding=&#8221;||0px||false|false&#8221;]<\/p>\n<h1> \u00d6nemli besteciler Osmanl\u0131 Mehter\u2019inden etkilenmi\u015fti.<\/h1>\n<p>[\/et_pb_text][et_pb_text _builder_version=&#8221;4.8.1&#8243; _module_preset=&#8221;default&#8221; text_text_color=&#8221;#000000&#8243; text_font_size=&#8221;16px&#8221; header_font=&#8221;|600|||||||&#8221; header_2_font=&#8221;Amaranth||||||||&#8221;]Avrupa\u2019n\u0131n en \u00f6nemli bestecileri Mozart, Beethoven ve daha niceleri mehter m\u00fczi\u011finden etkilenerek, besteler yapm\u0131\u015flard\u0131. Bu sayede 18.yy\u2019da Avrupa\u2019da yeni bir m\u00fczik t\u00fcr\u00fcn\u00fcn do\u011fmu\u015f, bu m\u00fczi\u011fe de \u2018Alaturka\u2019 ad\u0131 verilmi\u015fti.<\/p>\n<p>Mehter m\u00fczi\u011fi, makamsal olarak klasik m\u00fczik \u00f6zelli\u011fi ta\u015f\u0131r ve 24 sesten meydana gelen bir ses sistemine sahiptir. <\/p>\n<p>T\u00fcrklerin ihti\u015fam\u0131n\u0131 as\u0131rlar boyu seslendiren mehter, 18. Yy\u2019dan itibaren esnafa dek yayg\u0131nla\u015fm\u0131\u015f ve kurulu\u015f amac\u0131ndan uzakla\u015fmaya ba\u015flam\u0131\u015ft\u0131.[\/et_pb_text][et_pb_image src=&#8221;https:\/\/interaktif.trthaber.com\/2021\/mehter\/wp-content\/uploads\/2021\/01\/aa.jpg&#8221; title_text=&#8221;aa&#8221; _builder_version=&#8221;4.8.1&#8243; _module_preset=&#8221;default&#8221;][\/et_pb_image][\/et_pb_column][et_pb_column type=&#8221;1_2&#8243; _builder_version=&#8221;4.8.1&#8243; _module_preset=&#8221;default&#8221;][et_pb_image src=&#8221;https:\/\/interaktif.trthaber.com\/2021\/mehter\/wp-content\/uploads\/2021\/01\/DepoPhotos_15520924-1.jpg&#8221; title_text=&#8221;Bursa Mehter Tak\u0131m\u0131&#8221; _builder_version=&#8221;4.8.1&#8243; _module_preset=&#8221;default&#8221;][\/et_pb_image][\/et_pb_column][\/et_pb_row][et_pb_row column_structure=&#8221;1_2,1_2&#8243; _builder_version=&#8221;4.8.1&#8243; _module_preset=&#8221;default&#8221;][et_pb_column type=&#8221;1_2&#8243; _builder_version=&#8221;4.8.1&#8243; _module_preset=&#8221;default&#8221;][et_pb_text _builder_version=&#8221;4.8.1&#8243; _module_preset=&#8221;default&#8221; text_text_color=&#8221;#000000&#8243; text_font_size=&#8221;16px&#8221; header_font=&#8221;Eagle Lake|600|||||||&#8221; header_line_height=&#8221;1.2em&#8221; custom_padding=&#8221;||0px||false|false&#8221;]<\/p>\n<h1> 81 y\u0131l s\u00fcrecek sessizlik hakim olmu\u015ftu <\/h1>\n<p>[\/et_pb_text][et_pb_text _builder_version=&#8221;4.8.1&#8243; _module_preset=&#8221;default&#8221; text_text_color=&#8221;#000000&#8243; text_font_size=&#8221;16px&#8221; header_font=&#8221;|600|||||||&#8221; header_2_font=&#8221;Amaranth||||||||&#8221;]<\/p>\n<p>2. Mahmut taraf\u0131ndan 1826 y\u0131l\u0131nda kapat\u0131lan yeni\u00e7eri oca\u011f\u0131yla birlikte, bu oca\u011fa ba\u011fl\u0131 olarak faaliyet s\u00fcrd\u00fcren mehterde kapat\u0131lm\u0131\u015ft\u0131.<\/p>\n<p>Mehteran kapat\u0131ld\u0131ktan sonra Avrupai tarzda bandolar kurulmu\u015f, 1831\u2019de Muz\u0131ka-\u0131 H\u00fcmayun a\u00e7\u0131larak, Mehter, 81 y\u0131l s\u00fcrecek bir sessizli\u011fe b\u00fcr\u00fcnm\u00fc\u015ft\u00fc.<\/p>\n<p>[\/et_pb_text][et_pb_text _builder_version=&#8221;4.8.1&#8243; _module_preset=&#8221;default&#8221; text_text_color=&#8221;#000000&#8243; text_font_size=&#8221;16px&#8221; header_font=&#8221;|600|||||||&#8221; header_2_font=&#8221;Amaranth||||||||&#8221;]Yazar Celal Esat Arseven ve Askeri M\u00fcze M\u00fcd\u00fcr\u00fc Ahmet Muhtar Pa\u015fa\u2019n\u0131n \u00e7abalar\u0131yla 1914\u2019de yeniden Askeri M\u00fcze\u2019de nevbet vurulmaya ba\u015flanm\u0131\u015f,  1917\u2019de  1. D\u00fcnya sava\u015f\u0131 s\u0131ras\u0131nda Enver Pa\u015fa taraf\u0131ndan ordu birliklerinde k\u0131sa soluklu da olsa yeniden kurulmu\u015ftu.[\/et_pb_text][et_pb_text _builder_version=&#8221;4.8.1&#8243; _module_preset=&#8221;default&#8221; text_text_color=&#8221;#000000&#8243; text_font_size=&#8221;16px&#8221; header_font=&#8221;|600|||||||&#8221; header_2_font=&#8221;Amaranth||||||||&#8221; custom_padding=&#8221;||||false|false&#8221;]Bug\u00fcnk\u00fc mehter ise Genelkurmay Ba\u015fkanl\u0131\u011f\u0131\u2019n\u0131n iste\u011fi \u00fczerine yap\u0131lan sistemli bir ara\u015ft\u0131rmayla 1953 y\u0131l\u0131nda alt\u0131 katl\u0131 olarak kurulmu\u015f, 1968 y\u0131l\u0131nda 9 katl\u0131 hale getirilmi\u015ftir. [\/et_pb_text][\/et_pb_column][et_pb_column type=&#8221;1_2&#8243; _builder_version=&#8221;4.8.1&#8243; _module_preset=&#8221;default&#8221;][et_pb_text _builder_version=&#8221;4.8.1&#8243; _module_preset=&#8221;default&#8221; text_text_color=&#8221;#000000&#8243; text_font_size=&#8221;16px&#8221; header_font=&#8221;|600|||||||&#8221; header_2_font=&#8221;Amaranth||||||||&#8221; custom_padding=&#8221;50px||||false|false&#8221;]1914\u2019te kurulan Askeri M\u00fcze Mehteri, 1935 y\u0131l\u0131nda d\u00f6nemin Milli Savunma Bakan\u0131 Zekai Apayd\u0131n taraf\u0131ndan asl\u0131na uygun olmad\u0131\u011f\u0131 sebebiyle kapat\u0131lm\u0131\u015ft\u0131.[\/et_pb_text][et_pb_image src=&#8221;https:\/\/interaktif.trthaber.com\/2021\/mehter\/wp-content\/uploads\/2021\/01\/aca.jpg&#8221; title_text=&#8221;aca&#8221; _builder_version=&#8221;4.8.1&#8243; _module_preset=&#8221;default&#8221;][\/et_pb_image][\/et_pb_column][\/et_pb_row][et_pb_row column_structure=&#8221;1_2,1_2&#8243; _builder_version=&#8221;4.8.1&#8243; _module_preset=&#8221;default&#8221;][et_pb_column type=&#8221;1_2&#8243; _builder_version=&#8221;4.8.1&#8243; _module_preset=&#8221;default&#8221;][et_pb_text _builder_version=&#8221;4.8.1&#8243; _module_preset=&#8221;default&#8221; text_text_color=&#8221;#000000&#8243; text_font_size=&#8221;16px&#8221; header_font=&#8221;Eagle Lake|600|||||||&#8221; header_line_height=&#8221;1.2em&#8221; custom_padding=&#8221;||0px||false|false&#8221;]<\/p>\n<h1> K\u0131yafetler Osmanl\u0131 k\u00fclt\u00fcr\u00fcnden esinlenilmi\u015ftir <\/h1>\n<p>[\/et_pb_text][et_pb_text _builder_version=&#8221;4.8.1&#8243; _module_preset=&#8221;default&#8221; text_text_color=&#8221;#000000&#8243; text_font_size=&#8221;16px&#8221; header_font=&#8221;|600|||||||&#8221; header_2_font=&#8221;Amaranth||||||||&#8221;]<\/p>\n<p>Mehteran birli\u011fi, k\u0131l\u0131k, k\u0131yafet ve m\u00fczik aletleri y\u00f6n\u00fcnden 18. Yy Osmanl\u0131 d\u00f6nemini temsil eder.<\/p>\n<p>Mehter b\u00fcnyesinde, mehter m\u00fczi\u011fini icra eden m\u00fczisyenlerle birlikte yeni\u00e7erilerden olu\u015fan bir \u2018tu\u011f tak\u0131m\u0131\u2019da bulunur.<\/p>\n<p>Bu tak\u0131m, yurt i\u00e7i ve yurt d\u0131\u015f\u0131nda kat\u0131ld\u0131\u011f\u0131 festival ve g\u00f6sterilerde tarihi esintileri g\u00fcn\u00fcm\u00fcze ta\u015f\u0131maya devam ediyor.<br \/> Mehterin ba\u015f\u0131ndaki birlik komutan\u0131 emir-i alem, arkas\u0131ndaki z\u0131rhl\u0131 muhaf\u0131zlarla birlikte devleti temsilen al sancak, ba\u011f\u0131ms\u0131zl\u0131\u011f\u0131 temsilen ak sancak, \u0130slamiyeti temsilen ye\u015fil sancak yer al\u0131r.<\/p>\n<p>[\/et_pb_text][et_pb_image src=&#8221;https:\/\/interaktif.trthaber.com\/2021\/mehter\/wp-content\/uploads\/2021\/01\/a12.jpg&#8221; _builder_version=&#8221;4.8.1&#8243; _module_preset=&#8221;default&#8221; title_text=&#8221;a12&#8243; hover_enabled=&#8221;0&#8243; sticky_enabled=&#8221;0&#8243;][\/et_pb_image][\/et_pb_column][et_pb_column type=&#8221;1_2&#8243; _builder_version=&#8221;4.8.1&#8243; _module_preset=&#8221;default&#8221;][et_pb_image src=&#8221;https:\/\/interaktif.trthaber.com\/2021\/mehter\/wp-content\/uploads\/2021\/01\/dd1.jpg&#8221; title_text=&#8221;dd1&#8243; _builder_version=&#8221;4.8.1&#8243; _module_preset=&#8221;default&#8221; height=&#8221;688px&#8221; custom_padding=&#8221;50px||||false|false&#8221;][\/et_pb_image][\/et_pb_column][\/et_pb_row][et_pb_row _builder_version=&#8221;4.8.1&#8243; _module_preset=&#8221;default&#8221;][et_pb_column _builder_version=&#8221;4.8.1&#8243; _module_preset=&#8221;default&#8221; type=&#8221;4_4&#8243;][et_pb_text _builder_version=&#8221;4.8.1&#8243; _module_preset=&#8221;default&#8221; text_text_color=&#8221;#000000&#8243; text_font_size=&#8221;16px&#8221; header_font=&#8221;Eagle Lake|600|||||||&#8221; header_line_height=&#8221;1.2em&#8221; custom_padding=&#8221;||0px||false|false&#8221;]<\/p>\n<h1> T\u00f6ren tak\u0131mlar\u0131 9 katl\u0131d\u0131r <\/h1>\n<p>[\/et_pb_text][et_pb_text _builder_version=&#8221;4.8.1&#8243; _module_preset=&#8221;default&#8221; text_text_color=&#8221;#000000&#8243; text_font_size=&#8221;16px&#8221; header_font=&#8221;|600|||||||&#8221; header_2_font=&#8221;Amaranth||||||||&#8221; hover_enabled=&#8221;0&#8243; sticky_enabled=&#8221;0&#8243;]<\/p>\n<p>Eski T\u00fcrk hakanlar\u0131 9 rakam\u0131n\u0131 u\u011furlu sayd\u0131\u011f\u0131ndan, t\u00f6ren tak\u0131mlar\u0131 9 katl\u0131d\u0131r. Sancaklardan sonra \u00fc\u00e7 s\u0131ra halinde en b\u00fcy\u00fc\u011f\u00fc h\u00fccum tu\u011f olan 9 tu\u011f gelir.<\/p>\n<p>Tu\u011flardan sonra mehterba\u015f\u0131, \u00e7evgenler, zurnazenler, boruzenler, nakkarazenler, zilzenler davulzenler ve en arkada at \u00fcst\u00fcnde k\u00f6szen gelir.<\/p>\n<p>Saz ba\u015flar\u0131 k\u0131rm\u0131z\u0131, di\u011fer m\u00fczisyenler lacivert giyer.<\/p>\n<p>[\/et_pb_text][\/et_pb_column][\/et_pb_row][et_pb_row column_structure=&#8221;1_4,1_4,1_4,1_4&#8243; _builder_version=&#8221;4.8.1&#8243; _module_preset=&#8221;default&#8221; custom_padding=&#8221;70px||||false|false&#8221;][et_pb_column type=&#8221;1_4&#8243; _builder_version=&#8221;4.8.1&#8243; _module_preset=&#8221;default&#8221;][et_pb_text _builder_version=&#8221;4.8.1&#8243; _module_preset=&#8221;default&#8221; text_text_color=&#8221;#000000&#8243; text_font_size=&#8221;16px&#8221; header_font=&#8221;Eagle Lake|600|||||||&#8221; header_line_height=&#8221;1.2em&#8221; custom_padding=&#8221;||0px||false|false&#8221;]<\/p>\n<h1> Y\u00fcr\u00fcy\u00fc\u015f, daima sa\u011f ayakla ba\u015flar  <\/h1>\n<p>[\/et_pb_text][et_pb_text _builder_version=&#8221;4.8.1&#8243; _module_preset=&#8221;default&#8221; text_text_color=&#8221;#000000&#8243; text_font_size=&#8221;16px&#8221; header_font=&#8221;|600|||||||&#8221; header_2_font=&#8221;Amaranth||||||||&#8221;]Mehteran y\u00fcr\u00fcy\u00fc\u015f\u00fc, bug\u00fcnk\u00fc modern ordu d\u00fczenindeki y\u00fcr\u00fcy\u00fc\u015f\u00fcn tersine sa\u011f ayakla ba\u015flar. <\/p>\n<p>\u00dc\u00e7 ad\u0131mda durup, sa\u011f ve sola d\u00f6nerek halk selamlan\u0131r. Mehter konser d\u00fczeni alaca\u011f\u0131ndan d\u00fcz y\u00fcr\u00fcy\u00fc\u015fe sol ayakla ge\u00e7ilir ve mehter hilal d\u00fczenine gelene kadar bir pe\u015frev (saz eseri) seslendirilir. <\/p>\n<p>Hilalin ortas\u0131nda yer alan k\u00f6s, T\u00fcrk bayra\u011f\u0131\u2019ndaki y\u0131ld\u0131z\u0131 temsil eder. Di\u011fer m\u00fczisyenlerin olu\u015fturdu\u011fu hilalse T\u00fcrk bayra\u011f\u0131ndaki hilali temsil eder. <\/p>\n<p>Mehterba\u015f\u0131, y\u00f6netimde konser bitirildikten sonra \u2018G\u00fclbank\u2019 ad\u0131 verilen mehter duas\u0131 yap\u0131l\u0131r ve konser alan\u0131 Pe\u015frev \u00e7al\u0131narak terk edilir. [\/et_pb_text][\/et_pb_column][et_pb_column type=&#8221;1_4&#8243; _builder_version=&#8221;4.8.1&#8243; _module_preset=&#8221;default&#8221;][et_pb_image src=&#8221;https:\/\/interaktif.trthaber.com\/2021\/mehter\/wp-content\/uploads\/2021\/01\/nn1.jpg&#8221; title_text=&#8221;nn1&#8243; _builder_version=&#8221;4.8.1&#8243; _module_preset=&#8221;default&#8221;][\/et_pb_image][\/et_pb_column][et_pb_column type=&#8221;1_4&#8243; _builder_version=&#8221;4.8.1&#8243; _module_preset=&#8221;default&#8221;][et_pb_text _builder_version=&#8221;4.8.1&#8243; _module_preset=&#8221;default&#8221; text_text_color=&#8221;#000000&#8243; text_font_size=&#8221;16px&#8221; header_font=&#8221;Eagle Lake|600|||||||&#8221; header_line_height=&#8221;1.2em&#8221; custom_padding=&#8221;||0px||false|false&#8221;]<\/p>\n<h1> Osmanl\u0131\u2019da \u00e7al\u0131nan davullar bir\u00e7ok anlama geliyordu <\/h1>\n<p>[\/et_pb_text][et_pb_text _builder_version=&#8221;4.8.1&#8243; _module_preset=&#8221;default&#8221; text_text_color=&#8221;#000000&#8243; text_font_size=&#8221;16px&#8221; header_font=&#8221;|600|||||||&#8221; header_2_font=&#8221;Amaranth||||||||&#8221;]<\/p>\n<p>Davulun \u00f6zelliklerinden birisi de \u00e7al\u0131nd\u0131\u011f\u0131 zamana g\u00f6re adland\u0131r\u0131lmas\u0131d\u0131r.<br \/> Bir kale fethedildi\u011fi zaman \u00e7al\u0131nan davula \u2018tabl-\u0131 be\u015faret\u2019 ya da \u2018m\u00fcjde davulu\u2019 deniliyordu.<\/p>\n<p> Sava\u015fta geceyle birlikte askerin da\u011f\u0131lmas\u0131n\u0131 ve birbirinden ayr\u0131 d\u00fc\u015fmesini \u00f6nlemek i\u00e7in \u00e7al\u0131nan davula \u201ctabl-\u0131 asayi\u015f\u201d ya da \u201cdinlenme davulu\u201d, sava\u015f\u0131n ba\u015flad\u0131\u011f\u0131 an \u00e7al\u0131nan davula ise \u201ctabl-\u0131 cenk\u201d veya \u201ctabl-\u0131 saf\u201d adlar\u0131 verilmi\u015fti.<\/p>\n<p>[\/et_pb_text][\/et_pb_column][et_pb_column type=&#8221;1_4&#8243; _builder_version=&#8221;4.8.1&#8243; _module_preset=&#8221;default&#8221;][et_pb_image src=&#8221;https:\/\/interaktif.trthaber.com\/2021\/mehter\/wp-content\/uploads\/2021\/01\/ddd1.jpg&#8221; title_text=&#8221;ddd1&#8243; _builder_version=&#8221;4.8.1&#8243; _module_preset=&#8221;default&#8221; custom_padding=&#8221;95px||||false|false&#8221;][\/et_pb_image][et_pb_image src=&#8221;https:\/\/interaktif.trthaber.com\/2021\/mehter\/wp-content\/uploads\/2021\/01\/11s.jpg&#8221; title_text=&#8221;11s&#8221; _builder_version=&#8221;4.8.1&#8243; _module_preset=&#8221;default&#8221;][\/et_pb_image][\/et_pb_column][\/et_pb_row][et_pb_row _builder_version=&#8221;4.8.1&#8243; _module_preset=&#8221;default&#8221;][et_pb_column type=&#8221;4_4&#8243; _builder_version=&#8221;4.8.1&#8243; _module_preset=&#8221;default&#8221;][et_pb_text _builder_version=&#8221;4.8.1&#8243; _module_preset=&#8221;default&#8221; text_text_color=&#8221;#000000&#8243; text_font_size=&#8221;16px&#8221; header_font=&#8221;|600|||||||&#8221; header_2_font=&#8221;Amaranth||||||||&#8221;]<\/p>\n<p>T\u00fcrk k\u00fclt\u00fcr \u00e7evresinden elde edilen verilere g\u00f6re; Hunlar, G\u00f6kt\u00fcrkler, Sel\u00e7uklular ve Osmanl\u0131 Hakanlar\u0131na tu\u011f verme gelene\u011fi m\u00fczikal alandaki geleneklerin devam etmesini sa\u011flam\u0131\u015ft\u0131.<\/p>\n<p> Mehter m\u00fczik aletleri, tarih boyunca \u0130\u00e7 Asya\u2019dan Anadolu\u2019ya, Arap Yar\u0131madas\u0131\u2019ndan Afrika\u2019ya ve Avrupa\u2019ya kadar de\u011fi\u015fik co\u011frafyalarda kullan\u0131m evresinden ge\u00e7erek kesin \u015fekillerini alm\u0131\u015ft\u0131.<\/p>\n<p>[\/et_pb_text][\/et_pb_column][\/et_pb_row][et_pb_row column_structure=&#8221;1_2,1_2&#8243; _builder_version=&#8221;4.8.1&#8243; _module_preset=&#8221;default&#8221; custom_padding=&#8221;75px||||false|false&#8221;][et_pb_column type=&#8221;1_2&#8243; _builder_version=&#8221;4.8.1&#8243; _module_preset=&#8221;default&#8221;][et_pb_text _builder_version=&#8221;4.8.1&#8243; _module_preset=&#8221;default&#8221; text_text_color=&#8221;#000000&#8243; text_font_size=&#8221;16px&#8221; header_font=&#8221;|600|||||||&#8221; header_2_font=&#8221;Amaranth||||||||&#8221;]Mehterin m\u00fczik aletleri \u00fc\u00e7 ana ba\u015fl\u0131ktan olu\u015fuyor.[\/et_pb_text][et_pb_text _builder_version=&#8221;4.8.1&#8243; _module_preset=&#8221;default&#8221; text_text_color=&#8221;#000000&#8243; text_font_size=&#8221;16px&#8221; header_font=&#8221;Eagle Lake|600|||||||&#8221; header_line_height=&#8221;1.2em&#8221; custom_padding=&#8221;||0px||false|false&#8221;]<\/p>\n<h1> Nefesli m\u00fczik aletleri i\u00e7erisinde:  <\/h1>\n<p>[\/et_pb_text][et_pb_text _builder_version=&#8221;4.8.1&#8243; _module_preset=&#8221;default&#8221; text_text_color=&#8221;#000000&#8243; text_font_size=&#8221;16px&#8221; header_font=&#8221;Eagle Lake|600|||||||&#8221; header_line_height=&#8221;1.2em&#8221; custom_padding=&#8221;||0px||false|false&#8221;]<\/p>\n<h1> Zurna: <\/h1>\n<p>[\/et_pb_text][et_pb_text _builder_version=&#8221;4.8.1&#8243; _module_preset=&#8221;default&#8221; text_text_color=&#8221;#000000&#8243; text_font_size=&#8221;16px&#8221; header_font=&#8221;|600|||||||&#8221; header_2_font=&#8221;Amaranth||||||||&#8221;]Mehterin temel m\u00fczik aleti olan zurna, sipsili a\u011fa\u00e7tan yap\u0131lan T\u00fcrk borusudur. Sesi kaba ve heybetlidir. Mehterde \u00f6zellikle kaba zurna kullan\u0131r. Bu aleti kullanan ki\u015fiye de \u2018zurnazen\u2019 denir. [\/et_pb_text][et_pb_image src=&#8221;https:\/\/interaktif.trthaber.com\/2021\/mehter\/wp-content\/uploads\/2021\/01\/nnn.jpg&#8221; title_text=&#8221;nnn&#8221; _builder_version=&#8221;4.8.1&#8243; _module_preset=&#8221;default&#8221;][\/et_pb_image][\/et_pb_column][et_pb_column type=&#8221;1_2&#8243; _builder_version=&#8221;4.8.1&#8243; _module_preset=&#8221;default&#8221;][et_pb_text _builder_version=&#8221;4.8.1&#8243; _module_preset=&#8221;default&#8221; text_text_color=&#8221;#000000&#8243; text_font_size=&#8221;16px&#8221; header_font=&#8221;Eagle Lake|600|||||||&#8221; header_line_height=&#8221;1.2em&#8221; custom_padding=&#8221;||0px||false|false&#8221;]<\/p>\n<h1>Boru:<\/h1>\n<p>[\/et_pb_text][et_pb_text _builder_version=&#8221;4.8.1&#8243; _module_preset=&#8221;default&#8221; text_text_color=&#8221;#000000&#8243; text_font_size=&#8221;16px&#8221; header_font=&#8221;|600|||||||&#8221; header_2_font=&#8221;Amaranth||||||||&#8221;]<\/p>\n<p>\u0130\u015faret ve alarm vermek i\u00e7in kullan\u0131lan, ilk \u00f6nceleri a\u011fa\u00e7lar\u0131n burkulmas\u0131yla daha sonra maden \u015fekil verilerek yap\u0131lan, ana melodiye e\u015flik eden ve davul ritmiyle ana sesleri \u00e7alan m\u00fczik aletidir. De\u011fi\u015fik co\u011frafya ve tarihlerde \u015fekil ve ebatlar\u0131 farkl\u0131l\u0131k g\u00f6sterse de kullan\u0131m ama\u00e7lar\u0131 hep ayn\u0131 olmu\u015ftu. Bu aleti \u00e7alan ki\u015filere de <strong>\u2018boruzen\u2019<\/strong> deniliyor.<\/p>\n<p>[\/et_pb_text][et_pb_image src=&#8221;https:\/\/interaktif.trthaber.com\/2021\/mehter\/wp-content\/uploads\/2021\/01\/cc.jpg&#8221; title_text=&#8221;cc&#8221; _builder_version=&#8221;4.8.1&#8243; _module_preset=&#8221;default&#8221;][\/et_pb_image][\/et_pb_column][\/et_pb_row][et_pb_row column_structure=&#8221;1_2,1_2&#8243; _builder_version=&#8221;4.8.1&#8243; _module_preset=&#8221;default&#8221; custom_padding=&#8221;75px||||false|false&#8221;][et_pb_column type=&#8221;1_2&#8243; _builder_version=&#8221;4.8.1&#8243; _module_preset=&#8221;default&#8221;][et_pb_text _builder_version=&#8221;4.8.1&#8243; _module_preset=&#8221;default&#8221; text_text_color=&#8221;#000000&#8243; text_font_size=&#8221;16px&#8221; header_font=&#8221;Eagle Lake|600|||||||&#8221; header_line_height=&#8221;1.2em&#8221; custom_padding=&#8221;||0px||false|false&#8221;]<\/p>\n<h1> Vurmal\u0131 m\u00fczik aletleri i\u00e7erisinde: <\/h1>\n<p>[\/et_pb_text][et_pb_text _builder_version=&#8221;4.8.1&#8243; _module_preset=&#8221;default&#8221; text_text_color=&#8221;#000000&#8243; text_font_size=&#8221;16px&#8221; header_font=&#8221;Eagle Lake|600|||||||&#8221; header_line_height=&#8221;1.2em&#8221; custom_padding=&#8221;||0px||false|false&#8221;]<\/p>\n<h1> K\u00f6s:  <\/h1>\n<p>[\/et_pb_text][et_pb_text _builder_version=&#8221;4.8.1&#8243; _module_preset=&#8221;default&#8221; text_text_color=&#8221;#000000&#8243; text_font_size=&#8221;16px&#8221; header_font=&#8221;|600|||||||&#8221; header_2_font=&#8221;Amaranth||||||||&#8221;]<\/p>\n<p>Bak\u0131r b\u00fcy\u00fck bir kase \u00fczerine gerilmi\u015f deriden olu\u015fan iki tahta tokmak ile \u00e7al\u0131nan m\u00fczik aletidir.<\/p>\n<p>Farkl\u0131 b\u00fcy\u00fckl\u00fcklerde yap\u0131lan k\u00f6sler; at, deve, fil k\u00f6s\u00fc olarak adland\u0131r\u0131l\u0131r. Sava\u015flar\u0131n en \u00f6nemli m\u00fczik aletleridir.<\/p>\n<p><em>(Kaynaklarda Osmanl\u0131 ordusunun Moha\u00e7 Seferi\u2019ne 500 \u00e7ift k\u00f6sle kat\u0131ld\u0131\u011f\u0131 ge\u00e7mektedir.)<\/em><\/p>\n<p>Bu aleti \u00e7alan ki\u015fiye ise <strong>\u2018K\u00f6szen\u2019<\/strong> denir.<\/p>\n<p>[\/et_pb_text][et_pb_image src=&#8221;https:\/\/interaktif.trthaber.com\/2021\/mehter\/wp-content\/uploads\/2021\/01\/ww.jpg&#8221; title_text=&#8221;ww&#8221; _builder_version=&#8221;4.8.1&#8243; _module_preset=&#8221;default&#8221;][\/et_pb_image][et_pb_text _builder_version=&#8221;4.8.1&#8243; _module_preset=&#8221;default&#8221; text_text_color=&#8221;#000000&#8243; text_font_size=&#8221;16px&#8221; header_font=&#8221;Eagle Lake|600|||||||&#8221; header_line_height=&#8221;1.2em&#8221; custom_padding=&#8221;||0px||false|false&#8221;]<\/p>\n<h1> Nakkare: <\/h1>\n<p>[\/et_pb_text][et_pb_text _builder_version=&#8221;4.8.1&#8243; _module_preset=&#8221;default&#8221; text_text_color=&#8221;#000000&#8243; text_font_size=&#8221;16px&#8221; header_font=&#8221;|600|||||||&#8221; header_2_font=&#8221;Amaranth||||||||&#8221;]<\/p>\n<p>\u00dczerine deri gerilmi\u015f iki bak\u0131r kaseden olu\u015fur. \u00d6nceleri yerde ba\u011fda\u015f kurularak \u00e7al\u0131nan nakkare, y\u00fcr\u00fcy\u00fc\u015f halinde bele ba\u011flanm\u0131\u015f. G\u00fcn\u00fcm\u00fczdeyse, g\u00f6\u011fse dayal\u0131 olarak \u00e7al\u0131n\u0131yor. Ezgiye canl\u0131l\u0131k katar. \u00c7alan ki\u015filere de <strong>\u2018nakkarezen\u2019<\/strong> denir.<\/p>\n<p>[\/et_pb_text][et_pb_image src=&#8221;https:\/\/interaktif.trthaber.com\/2021\/mehter\/wp-content\/uploads\/2021\/01\/33.jpg&#8221; title_text=&#8221;33&#8243; _builder_version=&#8221;4.8.1&#8243; _module_preset=&#8221;default&#8221;][\/et_pb_image][\/et_pb_column][et_pb_column type=&#8221;1_2&#8243; _builder_version=&#8221;4.8.1&#8243; _module_preset=&#8221;default&#8221;][et_pb_text _builder_version=&#8221;4.8.1&#8243; _module_preset=&#8221;default&#8221; text_text_color=&#8221;#000000&#8243; text_font_size=&#8221;16px&#8221; header_font=&#8221;Eagle Lake|600|||||||&#8221; header_line_height=&#8221;1.2em&#8221; custom_padding=&#8221;||0px||false|false&#8221;]<\/p>\n<h1>Davul: <\/h1>\n<p>[\/et_pb_text][et_pb_text _builder_version=&#8221;4.8.1&#8243; _module_preset=&#8221;default&#8221; text_text_color=&#8221;#000000&#8243; text_font_size=&#8221;16px&#8221; header_font=&#8221;|600|||||||&#8221; header_2_font=&#8221;Amaranth||||||||&#8221;]T\u00fcrklerin kulland\u0131\u011f\u0131 en eski m\u00fczik aleti davuldur. \u00c7ember \u015feklindeki kasna\u011f\u0131n iki yan\u0131na gerilmi\u015f deriler ve kasnak \u00fczerindeki germe ba\u011flardan olu\u015fur. G\u00fcne\u015fi temsil eden davul, tu\u011f ile birlikte as\u0131rlar boyu h\u00fck\u00fcmdarl\u0131\u011f\u0131 simgelemi\u015ftir. Mehterin tempo veren ana m\u00fczik aletidir. \u00c7alan ki\u015fiye de \u2018davulzen\u2019 denir. [\/et_pb_text][et_pb_image src=&#8221;https:\/\/interaktif.trthaber.com\/2021\/mehter\/wp-content\/uploads\/2021\/01\/d3.jpg&#8221; title_text=&#8221;d3&#8243; _builder_version=&#8221;4.8.1&#8243; _module_preset=&#8221;default&#8221; custom_padding=&#8221;||0px||false|false&#8221;][\/et_pb_image][et_pb_text _builder_version=&#8221;4.8.1&#8243; _module_preset=&#8221;default&#8221; text_text_color=&#8221;#000000&#8243; text_font_size=&#8221;16px&#8221; header_font=&#8221;Eagle Lake|600|||||||&#8221; header_line_height=&#8221;1.2em&#8221; custom_padding=&#8221;||0px||false|false&#8221;]<\/p>\n<h1> Zil: <\/h1>\n<p>[\/et_pb_text][et_pb_text _builder_version=&#8221;4.8.1&#8243; _module_preset=&#8221;default&#8221; text_text_color=&#8221;#000000&#8243; text_font_size=&#8221;16px&#8221; header_font=&#8221;|600|||||||&#8221; header_2_font=&#8221;Amaranth||||||||&#8221;]<\/p>\n<p>Tam daire \u015feklinde bak\u0131r ve kalay kar\u0131\u015f\u0131m\u0131ndan d\u00f6v\u00fclerek yap\u0131lan keskin sesli us\u00fcl ve vurmaya yarayan m\u00fczik aletidir.<br \/> T\u00fcrkiye\u2019de \u00fcretilen d\u00fcnyan\u0131n en iyi zilleri bir\u00e7ok \u00fclkede \u2018cymbal T\u00fcrk\u2019 diye tan\u0131n\u0131r. Zil yat\u0131k ve dik olarak \u00e7al\u0131n\u0131r.<\/p>\n<p>\u00c7alan ki\u015filere de <strong>\u2018zilzen\u2019<\/strong> denir.<\/p>\n<p>[\/et_pb_text][et_pb_image src=&#8221;https:\/\/interaktif.trthaber.com\/2021\/mehter\/wp-content\/uploads\/2021\/01\/55.jpg&#8221; title_text=&#8221;55&#8243; _builder_version=&#8221;4.8.1&#8243; _module_preset=&#8221;default&#8221; height=&#8221;611px&#8221; hover_enabled=&#8221;0&#8243; sticky_enabled=&#8221;0&#8243;][\/et_pb_image][\/et_pb_column][\/et_pb_row][et_pb_row _builder_version=&#8221;4.8.1&#8243; _module_preset=&#8221;default&#8221;][et_pb_column _builder_version=&#8221;4.8.1&#8243; _module_preset=&#8221;default&#8221; type=&#8221;4_4&#8243;][et_pb_image src=&#8221;https:\/\/interaktif.trthaber.com\/2021\/mehter\/wp-content\/uploads\/2021\/01\/divider-1.png&#8221; title_text=&#8221;divider 1&#8243; _builder_version=&#8221;4.8.1&#8243; _module_preset=&#8221;default&#8221; custom_padding=&#8221;70px||||false|false&#8221; hover_enabled=&#8221;0&#8243; align=&#8221;center&#8221; sticky_enabled=&#8221;0&#8243;][\/et_pb_image][et_pb_text _builder_version=&#8221;4.8.1&#8243; _module_preset=&#8221;default&#8221; text_text_color=&#8221;#000000&#8243; text_font_size=&#8221;16px&#8221; header_font=&#8221;Eagle Lake|600|||||||&#8221; header_text_align=&#8221;center&#8221; header_line_height=&#8221;1.2em&#8221; custom_padding=&#8221;||0px||false|false&#8221;]<\/p>\n<h1>Haz\u0131rlayanlar:<\/h1>\n<p>[\/et_pb_text][et_pb_text _builder_version=&#8221;4.8.1&#8243; _module_preset=&#8221;default&#8221; text_text_color=&#8221;#000000&#8243; text_font_size=&#8221;16px&#8221; header_font=&#8221;|600|||||||&#8221; header_2_font=&#8221;Amaranth||||||||&#8221; text_orientation=&#8221;center&#8221;]<\/p>\n<p><strong>Haber :<\/strong> B\u00fc\u015fra \u0130pi\u00e7\u00fcr\u00fck &#8211; Hafize Yurt<br \/><strong>\u00c7izim :<\/strong> Hafize Yurt<br \/><strong>Video :<\/strong>\u00a0\u00dcnsel Ayhan Aybek<br \/><strong>\u0130nteraktif Tasar\u0131m :<\/strong> Mehmet \u00c7a\u011fr\u0131 Yakar<\/p>\n<p>[\/et_pb_text][\/et_pb_column][\/et_pb_row][\/et_pb_section]<\/p>\n","protected":false},"excerpt":{"rendered":"<p>[et_pb_section fb_built=&#8221;1&#8243; fullwidth=&#8221;on&#8221; disabled_on=&#8221;off|off|off&#8221; _builder_version=&#8221;4.8.1&#8243; _module_preset=&#8221;default&#8221;][et_pb_fullwidth_code _builder_version=&#8221;4.8.1&#8243; _module_preset=&#8221;default&#8221;][\/et_pb_fullwidth_code][\/et_pb_section][et_pb_section fb_built=&#8221;1&#8243; _builder_version=&#8221;4.8.1&#8243; _module_preset=&#8221;default&#8221;][et_pb_row _builder_version=&#8221;4.8.1&#8243; _module_preset=&#8221;default&#8221;][et_pb_column type=&#8221;4_4&#8243; _builder_version=&#8221;4.8.1&#8243; _module_preset=&#8221;default&#8221;][et_pb_image src=&#8221;https:\/\/interaktif.trthaber.com\/2021\/mehter\/wp-content\/uploads\/2021\/01\/divider-1.png&#8221; title_text=&#8221;divider 1&#8243; align=&#8221;center&#8221; _builder_version=&#8221;4.8.1&#8243; _module_preset=&#8221;default&#8221;][\/et_pb_image][et_pb_text _builder_version=&#8221;4.8.1&#8243; _module_preset=&#8221;default&#8221; text_font=&#8221;|600|||||||&#8221; text_text_color=&#8221;#000000&#8243; text_font_size=&#8221;20px&#8221; text_orientation=&#8221;center&#8221; custom_padding=&#8221;||30px||false|false&#8221;] \u201cDeniz ufkunda bu top sesleri nerden geliyor, Barbaros belki donanmayla seferden geliyor\u201d Meydan muharebeleri, deniz ku\u015fatmalar\u0131, d\u00fc\u015fmana h\u00fccum edilen her yerde Mehteran \u00e7alar, T\u00fcrk askerini \u015fevke [&hellip;]<\/p>\n","protected":false},"author":1,"featured_media":0,"parent":0,"menu_order":0,"comment_status":"closed","ping_status":"closed","template":"page-template-blank.php","meta":{"_et_pb_use_builder":"on","_et_pb_old_content":"","_et_gb_content_width":"","footnotes":""},"class_list":["post-21","page","type-page","status-publish","hentry"],"_links":{"self":[{"href":"https:\/\/interaktif.trthaber.com\/2021\/mehter\/wp-json\/wp\/v2\/pages\/21","targetHints":{"allow":["GET"]}}],"collection":[{"href":"https:\/\/interaktif.trthaber.com\/2021\/mehter\/wp-json\/wp\/v2\/pages"}],"about":[{"href":"https:\/\/interaktif.trthaber.com\/2021\/mehter\/wp-json\/wp\/v2\/types\/page"}],"author":[{"embeddable":true,"href":"https:\/\/interaktif.trthaber.com\/2021\/mehter\/wp-json\/wp\/v2\/users\/1"}],"replies":[{"embeddable":true,"href":"https:\/\/interaktif.trthaber.com\/2021\/mehter\/wp-json\/wp\/v2\/comments?post=21"}],"version-history":[{"count":73,"href":"https:\/\/interaktif.trthaber.com\/2021\/mehter\/wp-json\/wp\/v2\/pages\/21\/revisions"}],"predecessor-version":[{"id":226,"href":"https:\/\/interaktif.trthaber.com\/2021\/mehter\/wp-json\/wp\/v2\/pages\/21\/revisions\/226"}],"wp:attachment":[{"href":"https:\/\/interaktif.trthaber.com\/2021\/mehter\/wp-json\/wp\/v2\/media?parent=21"}],"curies":[{"name":"wp","href":"https:\/\/api.w.org\/{rel}","templated":true}]}}